{"id":1691,"date":"2020-09-16T09:14:21","date_gmt":"2020-09-16T09:14:21","guid":{"rendered":"http:\/\/abuchecker.ch\/abufri\/?page_id=1691"},"modified":"2021-10-14T11:25:45","modified_gmt":"2021-10-14T11:25:45","slug":"der-mensch-und-seine-umwelt","status":"publish","type":"page","link":"https:\/\/abuchecker.ch\/abufri\/?page_id=1691","title":{"rendered":"7. Wirtschaft und Nachhaltigkeit II"},"content":{"rendered":"<h5>Links<\/h5>\n<hr \/>\n<pre><a href=\"https:\/\/laplattform.ch\/de\">Laplattform<\/a><\/pre>\n<h6>Hier werden Kurzfilme mit Unterrichtsmaterial (Begleitmaterial) angeboten. Zum Teil sind die Filme aufgesplittet und k\u00f6nnen somit nach Thema angeschaut werden. (Es gibt \u00e4ltere, aber auch aktuellere Sendungen). St\u00f6bern kann sich lohnen. (siehe Bsp. \u00f6kologische Fussabdruck)<\/h6>\n<p><a href=\"https:\/\/laplattform.ch\/de\/der-okologische-fussabdruck\">Der \u00f6kologische Fussabdruck<\/a><\/p>\n<hr \/>\n<pre><a href=\"https:\/\/www.globe-swiss.ch\/de\/GLOBE\/\">Globe<\/a><\/pre>\n<div class=\"image left minus2\"><img loading=\"lazy\" decoding=\"async\" src=\"https:\/\/www.globe-swiss.ch\/de\/GLOBE\/media\/SuS_Wolken_ObserverApp_2-min.jpg\" alt=\"Eine Sch\u00fclerin beobachtet die Wolken\" width=\"218\" height=\"148\" \/><\/div>\n<div class=\"image center\"><\/div>\n<h6>GLOBE steht f\u00fcr &#8222;Global Learning and Observations to Benefit the Environment&#8220; und ist ein internationales Bildungs\u00adangebot f\u00fcr alle Schul\u00adstufen. <a href=\"https:\/\/www.globe-swiss.ch\/de\/Angebote\/#levels=secII\">Unterrichtseinheiten f\u00fcr die Sek.2<\/a>\u00a0 werden angeboten<\/h6>\n<hr \/>\n<pre><a href=\"https:\/\/www.wwf.ch\/de\">WWF - World Wide Fund for Nature<\/a><\/pre>\n<h6>Seit \u00fcber 50 Jahren setzt sich der WWF f\u00fcr die Natur ein. Gemeinsam sch\u00fctzen wir die Umwelt und gestalten eine lebenswerte Zukunft f\u00fcr uns und nachfolgende Generationen.<\/h6>\n<p>&nbsp;<\/p>\n<p>&nbsp;<\/p>\n<p>&nbsp;<\/p>\n<p>&nbsp;<\/p>\n<p>&nbsp;<\/p>\n<p>&nbsp;<\/p>\n<p>&nbsp;<\/p>\n<p>&nbsp;<\/p>\n<p>&nbsp;<\/p>\n<p>&nbsp;<\/p>\n<p>&nbsp;<\/p>\n<p>&nbsp;<\/p>\n","protected":false},"excerpt":{"rendered":"<p>Links Laplattform Hier werden Kurzfilme mit Unterrichtsmaterial (Begleitmaterial) angeboten. Zum Teil sind die Filme aufgesplittet und k\u00f6nnen somit nach Thema&hellip;<\/p>\n","protected":false},"author":1,"featured_media":1720,"parent":0,"menu_order":0,"comment_status":"closed","ping_status":"closed","template":"","meta":{"footnotes":""},"class_list":["post-1691","page","type-page","status-publish","has-post-thumbnail","hentry"],"_links":{"self":[{"href":"https:\/\/abuchecker.ch\/abufri\/index.php?rest_route=\/wp\/v2\/pages\/1691","targetHints":{"allow":["GET"]}}],"collection":[{"href":"https:\/\/abuchecker.ch\/abufri\/index.php?rest_route=\/wp\/v2\/pages"}],"about":[{"href":"https:\/\/abuchecker.ch\/abufri\/index.php?rest_route=\/wp\/v2\/types\/page"}],"author":[{"embeddable":true,"href":"https:\/\/abuchecker.ch\/abufri\/index.php?rest_route=\/wp\/v2\/users\/1"}],"replies":[{"embeddable":true,"href":"https:\/\/abuchecker.ch\/abufri\/index.php?rest_route=%2Fwp%2Fv2%2Fcomments&post=1691"}],"version-history":[{"count":5,"href":"https:\/\/abuchecker.ch\/abufri\/index.php?rest_route=\/wp\/v2\/pages\/1691\/revisions"}],"predecessor-version":[{"id":2175,"href":"https:\/\/abuchecker.ch\/abufri\/index.php?rest_route=\/wp\/v2\/pages\/1691\/revisions\/2175"}],"wp:featuredmedia":[{"embeddable":true,"href":"https:\/\/abuchecker.ch\/abufri\/index.php?rest_route=\/wp\/v2\/media\/1720"}],"wp:attachment":[{"href":"https:\/\/abuchecker.ch\/abufri\/index.php?rest_route=%2Fwp%2Fv2%2Fmedia&parent=1691"}],"curies":[{"name":"wp","href":"https:\/\/api.w.org\/{rel}","templated":true}]}}