{"id":1681,"date":"2020-09-16T09:03:40","date_gmt":"2020-09-16T09:03:40","guid":{"rendered":"http:\/\/abuchecker.ch\/abufri\/?page_id=1681"},"modified":"2021-10-14T11:23:09","modified_gmt":"2021-10-14T11:23:09","slug":"wirtschaft-und-nachhaltigkeit","status":"publish","type":"page","link":"https:\/\/abuchecker.ch\/abufri\/?page_id=1681","title":{"rendered":"5. Wirtschaft und Nachhaltigkeit I"},"content":{"rendered":"<h5>Wirtschaft<\/h5>\n<hr \/>\n<pre class=\"hero-h1\"><span style=\"color: #008000;\"><a style=\"color: #008000;\" href=\"https:\/\/www.myidea.ch\/\"><strong class=\"bold-text-3\">myidea<\/strong><\/a><\/span><\/pre>\n<h6 class=\"hero-paragraph\"><a href=\"https:\/\/abuchecker.ch\/abufri\/?attachment_id=2055\" rel=\"attachment wp-att-2055\"><strong><span style=\"color: #000000;\">Ein Lernprogramm zum Aufbau unternehmerischer Kompetenzen f\u00fcr Lernende an Berufsfachschulen. Ziel des Pilotprojektes ist die systematische Verankerung von unternehmerischem Denken und Handeln in der beruflichen Grundbildung.<\/span><\/strong><\/a><\/h6>\n<h6><a href=\"https:\/\/abuchecker.ch\/abufri\/?attachment_id=2055\" rel=\"attachment wp-att-2055\"><img loading=\"lazy\" decoding=\"async\" class=\"wp-image-2055 alignleft\" src=\"https:\/\/abuchecker.ch\/abufri\/wp-content\/uploads\/2021\/07\/myidea-150x150.png\" alt=\"\" width=\"89\" height=\"89\" \/><\/a><span style=\"color: #008000;\"><a style=\"color: #008000;\" href=\"https:\/\/abuchecker.ch\/abufri\/?attachment_id=2057\" target=\"_blank\" rel=\"attachment noopener wp-att-2057\">Modul 1: <\/a>Ziele dieses Moduls<\/span><\/h6>\n<p class=\"paragraph-5\">Du bekommst einen ersten \u00dcberblick \u00fcber die Phasen einer Unternehmensgr\u00fcndung. Anschliessend generieren du in der Klasse mithilfe verschiedener Kreativit\u00e4tstechniken erste Gesch\u00e4ftsideen. Diese werden in Zweierteams weiterentwickelt.<\/p>\n<h6><\/h6>\n<hr \/>\n<pre><span style=\"color: #008000;\"><a style=\"color: #008000;\" href=\"https:\/\/www.iconomix.ch\/de\/\">www.iconomix.ch<\/a><\/span><\/pre>\n<p><span style=\"color: #353535; font-family: 'Droid Serif', serif; font-size: 1.25rem; font-weight: 600;\">Module zu \u00f6konomischen Themen mit Erkl\u00e4rfilmen und Arbeitsauftr\u00e4gen<\/span><\/p>\n<p><span style=\"color: #008000;\"><a style=\"color: #008000;\" href=\"https:\/\/www2.iconomix.ch\/videos\/home\/\">Beispiele: <\/a><\/span><span style=\"color: #008000;\"><a style=\"color: #008000;\" href=\"https:\/\/www2.iconomix.ch\/videos\/v08\/\">Teuerung . <\/a><\/span><span style=\"color: #008000;\">Weitere Themen sind: <a style=\"color: #008000;\" href=\"https:\/\/www2.iconomix.ch\/videos\/v09\/\">Regress, <\/a><\/span><span style=\"color: #008000;\"><a style=\"color: #008000;\" href=\"https:\/\/www2.iconomix.ch\/videos\/v03\/\">Opportunit\u00e4tskosten, Steuern, Coronakrise&#8230;<\/a><\/span><\/p>\n<p>&nbsp;<\/p>\n<hr \/>\n<pre><span style=\"color: #008000;\"><a style=\"color: #008000;\" href=\"https:\/\/www.youngcaritas.ch\/schule-jugendarbeit\/unterrichtsmaterial\">Youngcaritas - Infomappen zu Themen Rund um Wirtschaft und Nachhaltigkeit<\/a><\/span><\/pre>\n<h6><a href=\"https:\/\/abuchecker.ch\/abufri\/?attachment_id=1779\" rel=\"attachment wp-att-1779\"><span style=\"color: #000000;\">Infomappe_Nachhaltige_Entwicklung<\/span><\/a><\/h6>\n<h6><span style=\"color: #000000;\"><a style=\"color: #000000;\" href=\"https:\/\/abuchecker.ch\/abufri\/?attachment_id=1780\" rel=\"attachment wp-att-1780\">Infomappe_Armut_in_der_Schweiz<\/a><\/span><\/h6>\n<hr \/>\n<pre><span style=\"color: #008000;\"><a style=\"color: #008000;\" href=\"https:\/\/www.ofv.ch\/lernmedien\/unterrichtsmaterial\/wirtschaft\/\">Orell f\u00fcssli - Unterrichtsmaterial Wirtschaft und Politik<\/a><\/span><\/pre>\n<h6><a href=\"https:\/\/abuchecker.ch\/abufri\/?attachment_id=1782\" target=\"_blank\" rel=\"attachment noopener wp-att-1782 noreferrer\"><span style=\"color: #000000;\">Globaler_Handel_2019<\/span><\/a><\/h6>\n<h6><span style=\"color: #000000;\"><a style=\"color: #000000;\" href=\"https:\/\/www.ofv.ch\/lernmedien\/unterrichtsmaterial\/news\/\">Aktuelle Abstimmungen mit Unterrichtsmaterial<\/a><\/span><\/h6>\n<hr \/>\n<h5>Steuer<\/h5>\n<hr \/>\n<pre><span style=\"color: #008000;\"><a style=\"color: #008000;\" href=\"https:\/\/www.steuern-easy.ch\/de\/\">Steuern.easy - Steuerwissen f\u00fcr Jugendliche<\/a><\/span><\/pre>\n<p><img loading=\"lazy\" decoding=\"async\" class=\"n3VNCb alignleft\" src=\"https:\/\/www.steuern-easy.ch\/typo3conf\/ext\/sfpfrontender\/Resources\/Public\/Images\/people.png\" alt=\"Steuern Easy - Home - steuern-easy.ch\" width=\"312\" height=\"72\" data-noaft=\"1\" \/><\/p>\n<hr \/>\n<pre><span style=\"color: #008000;\"><a style=\"color: #008000;\" href=\"https:\/\/www2.iconomix.ch\/videos\/v01\/\">Steuern - einfach erkl\u00e4rt (mit Video, Quizz, Auftrag, Wissen, Glossar von Iconomix!) <img loading=\"lazy\" decoding=\"async\" class=\"alignright\" title=\"Steuern einfach erkl\u00e4rt\" src=\"https:\/\/api.qrserver.com\/v1\/create-qr-code\/?data=https%3A%2F%2Fwww2.iconomix.ch%2Fvideos%2Fv01%2F&amp;size=220x220&amp;margin=0\" alt=\"Vorschau Ihres QR Code\" width=\"49\" height=\"49\" \/><\/a><\/span><\/pre>\n<p><a href=\"https:\/\/www2.iconomix.ch\/videos\/v01\/https:\/\/www2.iconomix.ch\/videos\/v01\/\" target=\"_blank\" rel=\"noopener\"><img loading=\"lazy\" decoding=\"async\" class=\"alignleft\" src=\"https:\/\/www2.iconomix.ch\/videos\/wp-content\/uploads\/2019\/10\/steuern.jpg\" alt=\"\" width=\"318\" height=\"168\" \/><\/a><\/p>\n<p>&nbsp;<\/p>\n","protected":false},"excerpt":{"rendered":"<p>Wirtschaft myidea Ein Lernprogramm zum Aufbau unternehmerischer Kompetenzen f\u00fcr Lernende an Berufsfachschulen. Ziel des Pilotprojektes ist die systematische Verankerung von&hellip;<\/p>\n","protected":false},"author":1,"featured_media":1707,"parent":0,"menu_order":0,"comment_status":"closed","ping_status":"closed","template":"","meta":{"footnotes":""},"class_list":["post-1681","page","type-page","status-publish","has-post-thumbnail","hentry"],"_links":{"self":[{"href":"https:\/\/abuchecker.ch\/abufri\/index.php?rest_route=\/wp\/v2\/pages\/1681","targetHints":{"allow":["GET"]}}],"collection":[{"href":"https:\/\/abuchecker.ch\/abufri\/index.php?rest_route=\/wp\/v2\/pages"}],"about":[{"href":"https:\/\/abuchecker.ch\/abufri\/index.php?rest_route=\/wp\/v2\/types\/page"}],"author":[{"embeddable":true,"href":"https:\/\/abuchecker.ch\/abufri\/index.php?rest_route=\/wp\/v2\/users\/1"}],"replies":[{"embeddable":true,"href":"https:\/\/abuchecker.ch\/abufri\/index.php?rest_route=%2Fwp%2Fv2%2Fcomments&post=1681"}],"version-history":[{"count":20,"href":"https:\/\/abuchecker.ch\/abufri\/index.php?rest_route=\/wp\/v2\/pages\/1681\/revisions"}],"predecessor-version":[{"id":2172,"href":"https:\/\/abuchecker.ch\/abufri\/index.php?rest_route=\/wp\/v2\/pages\/1681\/revisions\/2172"}],"wp:featuredmedia":[{"embeddable":true,"href":"https:\/\/abuchecker.ch\/abufri\/index.php?rest_route=\/wp\/v2\/media\/1707"}],"wp:attachment":[{"href":"https:\/\/abuchecker.ch\/abufri\/index.php?rest_route=%2Fwp%2Fv2%2Fmedia&parent=1681"}],"curies":[{"name":"wp","href":"https:\/\/api.w.org\/{rel}","templated":true}]}}